
{"id":3,"date":"2023-11-08T16:25:17","date_gmt":"2023-11-08T15:25:17","guid":{"rendered":"https:\/\/atoutdroneidf.com\/WP_elementor\/?page_id=3"},"modified":"2024-03-08T18:08:20","modified_gmt":"2024-03-08T17:08:20","slug":"politique-de-confidentialite","status":"publish","type":"page","link":"https:\/\/atoutdroneidf.com\/WP_elementor\/politique-de-confidentialite\/","title":{"rendered":"RGPD et Politique de confidentialit\u00e9"},"content":{"rendered":"\t\t<div data-elementor-type=\"wp-page\" data-elementor-id=\"3\" class=\"elementor elementor-3\">\n\t\t\t\t<div class=\"elementor-element elementor-element-24ccc814 e-flex e-con-boxed e-con e-parent\" data-id=\"24ccc814\" data-element_type=\"container\">\n\t\t\t\t\t<div class=\"e-con-inner\">\n\t\t\t\t<div class=\"elementor-element elementor-element-15089cb8 elementor-widget elementor-widget-text-editor\" data-id=\"15089cb8\" data-element_type=\"widget\" data-widget_type=\"text-editor.default\">\n\t\t\t\t<div class=\"elementor-widget-container\">\n\t\t\t\t\t\t\t\t\t<p><\/p>\n<h2 class=\"wp-block-heading\">Qui sommes-nous\u00a0?<\/h2>\n<p><\/p>\n<p><strong>\u00a0<\/strong>L\u2019adresse de notre site est : https:\/\/atoutdroneidf.com . Le site est la propri\u00e9t\u00e9 de \u00ab\u00a0EI Jean-michel MARDELLAT\u00a0\u00bb . Le responsable du traitement des donn\u00e9es est Jean-michel MARDELLAT , qui peut \u00eatre contact\u00e9 via l&rsquo;adresse : atoutdroneidf[@]gmail.com ( retirer les caract\u00e8res \u00ab\u00a0[\u00a0\u00bb et \u00ab\u00a0]\u00a0\u00bb pour utiliser l&#8217;email )<\/p>\n<p><\/p>\n<h2 class=\"wp-block-heading\">Utilisation et transmission de vos donn\u00e9es personnelles<\/h2>\n<p><\/p>\n<p><span style=\"text-align: var(--text-align); color: var(--theme-text-color); font-family: var(--theme-font-family); font-size: var(--theme-font-size); font-style: var(--theme-font-style, inherit); font-weight: var(--theme-font-weight); letter-spacing: var(--theme-letter-spacing); text-transform: var(--theme-text-transform);\">Le site <b>https:\/\/www.atoutdroneidf.com\/ <\/b>est susceptible de collecter des donn\u00e9es personnelles\u00a0 \u00e0 l&rsquo;aide d&rsquo;un formulaire de prise de contact avec \u00ab\u00a0EI Jean-michel MARDELLAT\u00a0\u00bb.<\/span><\/p>\n<h4><span style=\"text-align: var(--text-align); color: var(--theme-text-color); font-family: var(--theme-font-family); font-size: var(--theme-font-size); font-style: var(--theme-font-style, inherit); font-weight: var(--theme-font-weight); letter-spacing: var(--theme-letter-spacing); text-transform: var(--theme-text-transform);\">Finalit\u00e9 de la collecte de donn\u00e9es\u00a0<\/span><\/h4>\n<p><span style=\"color: var(--theme-text-color); font-family: var(--theme-font-family); font-size: var(--theme-font-size); font-style: var(--theme-font-style, inherit); font-weight: var(--theme-font-weight); letter-spacing: var(--theme-letter-spacing); text-align: var(--text-align); text-transform: var(--theme-text-transform);\">Les donn\u00e9es collect\u00e9es via le formulaire de contact ne sont pas stock\u00e9es sur les serveurs du site <\/span><strong style=\"color: var(--theme-text-color); font-family: var(--theme-font-family); font-size: var(--theme-font-size); font-style: var(--theme-font-style, inherit); letter-spacing: var(--theme-letter-spacing); text-align: var(--text-align); text-transform: var(--theme-text-transform);\">https:\/\/www.atoutdroneidf.com\/<\/strong><span style=\"color: var(--theme-text-color); font-family: var(--theme-font-family); font-size: var(--theme-font-size); font-style: var(--theme-font-style, inherit); font-weight: var(--theme-font-weight); letter-spacing: var(--theme-letter-spacing); text-align: var(--text-align); text-transform: var(--theme-text-transform);\"> mais transmises \u00e0 une boite mail <strong>gmail<\/strong> gr\u00e2ce \u00e0 laquelle les \u00e9changes de documents pourront \u00eatre r\u00e9alis\u00e9s avec le client (expression de besoins , devis , factures ).\u00a0<\/span><\/p>\n<p>Les donn\u00e9es collect\u00e9es sont :\u00a0<\/p>\n<ul>\n<li>Nom<\/li>\n<li>Pr\u00e9nom<\/li>\n<li>Num\u00e9ro de t\u00e9l\u00e9phone<\/li>\n<li>Adresse email<\/li>\n<li>Indication du lieu de la prise de vue<\/li>\n<\/ul>\n<p>Aucun traitement des donn\u00e9es n&rsquo;est r\u00e9alis\u00e9 en dehors des \u00e9changes de courriers \u00e9lectroniques.<\/p>\n<h4>Dur\u00e9e de conservation des donn\u00e9es<\/h4>\n<p><span style=\"color: var(--theme-text-color); font-family: var(--theme-font-family); font-size: var(--theme-font-size); font-style: var(--theme-font-style, inherit); font-weight: var(--theme-font-weight); letter-spacing: var(--theme-letter-spacing); text-align: var(--text-align); text-transform: var(--theme-text-transform);\">Les mails sont des donn\u00e9es de l&rsquo;entreprise qui <strong>doivent<\/strong> \u00eatre conserv\u00e9es pour des dur\u00e9es variables d\u00e9crites dans <\/span><a style=\"font-family: var(--theme-font-family); font-size: var(--theme-font-size); font-style: var(--theme-font-style, inherit); font-weight: var(--theme-font-weight); letter-spacing: var(--theme-letter-spacing); text-align: var(--text-align); text-transform: var(--theme-text-transform);\" href=\"https:\/\/entreprendre.service-public.fr\/vosdroits\/F10029\">ce document<\/a><span style=\"color: var(--theme-text-color); font-family: var(--theme-font-family); font-size: var(--theme-font-size); font-style: var(--theme-font-style, inherit); font-weight: var(--theme-font-weight); letter-spacing: var(--theme-letter-spacing); text-align: var(--text-align); text-transform: var(--theme-text-transform);\">. \u00ab\u00a0EI Jean-michel MARDELLAT\u00a0\u00bb ne constitue pas de fichier client et il n&rsquo;y a pas lieu de d&rsquo;effectuer des modifications de ces donn\u00e9es de l&rsquo;entreprise pendant la <\/span><span style=\"color: var(--theme-text-color); font-family: var(--theme-font-family); font-size: var(--theme-font-size); font-style: var(--theme-font-style, inherit); font-weight: var(--theme-font-weight); letter-spacing: var(--theme-letter-spacing); text-align: var(--text-align); text-transform: var(--theme-text-transform);\"><strong>p\u00e9riode de conservation obligatoire<\/strong> par l&rsquo;entreprise.<\/span><\/p>\n<h4>Modification des donn\u00e9es<\/h4>\n<p>Conform\u00e9ment aux dispositions de\u00a0<a href=\"https:\/\/www.legifrance.gouv.fr\/affichTexte.do?cidTexte=JORFTEXT000000886460\" target=\"_blank\" rel=\"noreferrer nofollow noopener\">la loi 78-17 du 6 janvier 1978 modifi\u00e9e<\/a>, l\u2019utilisateur du site\u00a0<strong><span data-ref=\"url\" data-fallback=\"\">https:\/\/www.atoutdroneidf.com\/<\/span><\/strong> dispose \u00e0 tout moment d\u2019un droit d\u2019acc\u00e8s aux donn\u00e9es conserv\u00e9es, et de suppression des informations collect\u00e9es \u00e0 l&rsquo;issue de la <strong>p\u00e9riode de conservation l\u00e9gale obligatoire<\/strong>. Les donn\u00e9es de type mails \u00e9chang\u00e9s pendant le processus d&rsquo;\u00e9tablissement du contrat <strong>ne peuvent faire l&rsquo;objet de modifications<\/strong>. Pour exercer vos droits, envoyez un message au responsable de la Protection des Donn\u00e9es : <br \/><strong><span data-ref=\"dpo\" data-fallback=\"\">Jean-Michel MARDELLAT<\/span><\/strong>\u00a0&#8211;\u00a0<strong><span data-ref=\"contact_dpo\" data-fallback=\"\">atoutdroneidf@gmail.com<\/span><\/strong>.<\/p>\n<h4>Communication des donn\u00e9es<\/h4>\n<p>Les donn\u00e9es collect\u00e9es ne sont pas communiqu\u00e9es \u00e0 des tiers.<\/p>\n<h2>M\u00e9dias<\/h2>\n<p><\/p>\n<p>Si des images sont charg\u00e9es sur le site pour publier des visualisations de photos 360 de clients, ou pour servir \u00e0 des fins de d\u00e9monstration des activit\u00e9s de <br \/>\u00ab\u00a0E<strong>I Jean-michel MARDELLAT<\/strong>\u00a0\u00bb ,les donn\u00e9es EXIF seront effac\u00e9es des clich\u00e9s, notamment les donn\u00e9es GPS . Les personnes visitant le site ne pourront donc pas extraire de coordonn\u00e9es GPS des photos qu&rsquo;elles pourraient t\u00e9l\u00e9charger ill\u00e9galement.<\/p>\n<p><\/p>\n<h2 class=\"wp-block-heading\">Liens hypertextes<\/h2>\n<p>Le site\u00a0<strong><span data-ref=\"url\" data-fallback=\"\">https:\/\/www.atoutdroneidf.com\/<\/span><\/strong> contient des liens hypertextes vers d\u2019autres sites et d\u00e9gage toute responsabilit\u00e9 concernant ces liens externes ou des liens cr\u00e9\u00e9s par d\u2019autres sites vers <strong><span data-ref=\"url\" data-fallback=\"\">https:\/\/www.atoutdroneidf.com\/<\/span><\/strong>.<\/p>\n<p><\/p>\n<p><\/p>\n<p><\/p>\n<h2 class=\"wp-block-heading\">Contenu embarqu\u00e9 depuis d\u2019autres sites<\/h2>\n<p><\/p>\n<p>Les articles de ce site peuvent inclure des contenus int\u00e9gr\u00e9s (par exemple des vid\u00e9os, images, articles\u2026). Le contenu int\u00e9gr\u00e9 depuis d\u2019autres sites ( ex youtube) se comporte de la m\u00eame mani\u00e8re que si le visiteur se rendait sur cet autre site.<\/p>\n<p><\/p>\n<p>Ces sites web pourraient collecter des donn\u00e9es sur vous, utiliser des cookies, embarquer des outils de suivis tiers, suivre vos interactions avec ces contenus embarqu\u00e9s si vous disposez d\u2019un compte connect\u00e9 sur leur site web.<\/p>\n<p><\/p>\n<p><\/p>\n<p><\/p>\n<p>\u00a0<\/p>\n<p><\/p>\t\t\t\t\t\t\t\t<\/div>\n\t\t\t\t<\/div>\n\t\t\t\t\t<\/div>\n\t\t\t\t<\/div>\n\t\t\t\t<\/div>\n\t\t","protected":false},"excerpt":{"rendered":"<p>Qui sommes-nous\u00a0? \u00a0L\u2019adresse de notre site est : https:\/\/atoutdroneidf.com . Le site est la propri\u00e9t\u00e9 de \u00ab\u00a0EI Jean-michel MARDELLAT\u00a0\u00bb . Le responsable du traitement des donn\u00e9es est Jean-michel MARDELLAT , qui peut \u00eatre contact\u00e9 via l&rsquo;adresse : atoutdroneidf[@]gmail.com ( retirer les caract\u00e8res \u00ab\u00a0[\u00a0\u00bb et \u00ab\u00a0]\u00a0\u00bb pour utiliser l&#8217;email ) Utilisation et transmission de vos donn\u00e9es [&hellip;]<\/p>\n","protected":false},"author":1,"featured_media":0,"parent":0,"menu_order":0,"comment_status":"closed","ping_status":"open","template":"","meta":{"_seopress_robots_primary_cat":"","_seopress_titles_title":"","_seopress_titles_desc":"","_seopress_robots_index":"","footnotes":""},"blocksy_meta":[],"_links":{"self":[{"href":"https:\/\/atoutdroneidf.com\/WP_elementor\/wp-json\/wp\/v2\/pages\/3"}],"collection":[{"href":"https:\/\/atoutdroneidf.com\/WP_elementor\/wp-json\/wp\/v2\/pages"}],"about":[{"href":"https:\/\/atoutdroneidf.com\/WP_elementor\/wp-json\/wp\/v2\/types\/page"}],"author":[{"embeddable":true,"href":"https:\/\/atoutdroneidf.com\/WP_elementor\/wp-json\/wp\/v2\/users\/1"}],"replies":[{"embeddable":true,"href":"https:\/\/atoutdroneidf.com\/WP_elementor\/wp-json\/wp\/v2\/comments?post=3"}],"version-history":[{"count":52,"href":"https:\/\/atoutdroneidf.com\/WP_elementor\/wp-json\/wp\/v2\/pages\/3\/revisions"}],"predecessor-version":[{"id":2229,"href":"https:\/\/atoutdroneidf.com\/WP_elementor\/wp-json\/wp\/v2\/pages\/3\/revisions\/2229"}],"wp:attachment":[{"href":"https:\/\/atoutdroneidf.com\/WP_elementor\/wp-json\/wp\/v2\/media?parent=3"}],"curies":[{"name":"wp","href":"https:\/\/api.w.org\/{rel}","templated":true}]}}